{"id":2554,"date":"2024-12-16T14:34:47","date_gmt":"2024-12-16T14:34:47","guid":{"rendered":"https:\/\/romexpo.ro\/?page_id=2554"},"modified":"2025-06-16T15:56:56","modified_gmt":"2025-06-16T12:56:56","slug":"conducerea","status":"publish","type":"page","link":"https:\/\/romexpo.ro\/en\/romexpo\/conducerea\/","title":{"rendered":"Management"},"content":{"rendered":"<div class=\"wpb-content-wrapper\"><div class=\"vc_row wpb_row vc_row-fluid vc_custom_1476008791393\"><div class=\"wpb_column vc_column_container vc_col-sm-12 vc_col-lg-6 vc_col-md-6 vc_col-xs-12\"><div class=\"vc_column-inner vc_custom_1476005293248\"><div class=\"wpb_wrapper\"><div class=\"dt-fancy-separator title-left h3-size style-disabled accent-title-color\" style=\"width: 100%;\"><div class=\"dt-fancy-title\"><span class=\"separator-holder separator-left\"><\/span>BOARD OF DIRECTORS<span class=\"separator-holder separator-right\"><\/span><\/div><\/div><\/div><\/div><\/div><\/div><div class=\"vc_row wpb_row vc_row-fluid vc_custom_1476012908960\"><div class=\"wpb_column vc_column_container vc_col-sm-3\"><div class=\"vc_column-inner\"><div class=\"wpb_wrapper\"><\/div><\/div><\/div><div class=\"wpb_column vc_column_container vc_col-sm-6\"><div class=\"vc_column-inner\"><div class=\"wpb_wrapper\"><div id=\"ultimate-heading-297169f33596c1484\" class=\"uvc-heading ult-adjust-bottom-margin ultimate-heading-297169f33596c1484 uvc-1688\" data-hspacer=\"no_spacer\"  data-halign=\"center\" style=\"text-align:center\"><div class=\"uvc-heading-spacer no_spacer\" style=\"top\"><\/div><div class=\"uvc-main-heading ult-responsive\"  data-ultimate-target='.uvc-heading.ultimate-heading-297169f33596c1484 h2'  data-responsive-json-new='{\"font-size\":\"desktop:20px;\",\"line-height\":\"\"}' ><h2 style=\"--font-weight:theme;\">IONEL GAGU - President and CEO<\/h2><\/div><div class=\"uvc-sub-heading ult-responsive\"  data-ultimate-target='.uvc-heading.ultimate-heading-297169f33596c1484 .uvc-sub-heading '  data-responsive-json-new='{\"font-size\":\"\",\"line-height\":\"\"}'  style=\"font-weight:normal;\"><\/p>\n<section class=\"avia-team-member avia-builder-el-9 el_before_av_hr avia-builder-el-first\">\n<div class=\"team-member-job-title av_opacity_variation\">President Chamber of Commerce, Industry and Agriculture Buz\u0103u<\/div>\n<\/section>\n<div class=\"hr hr-default avia-builder-el-10 el_after_av_team_member avia-builder-el-last\"><\/div>\n<p><\/div><\/div><div class=\"hr-thin style-line accent-border-color\" style=\"width: 10%;border-top-width: 1px;\"><\/div><\/div><\/div><\/div><div class=\"wpb_column vc_column_container vc_col-sm-3\"><div class=\"vc_column-inner\"><div class=\"wpb_wrapper\"><\/div><\/div><\/div><\/div><div class=\"vc_row wpb_row vc_row-fluid vc_custom_1476012908960\"><div class=\"wpb_column vc_column_container vc_col-sm-4\"><div class=\"vc_column-inner\"><div class=\"wpb_wrapper\"><div id=\"ultimate-heading-168669f33596c1916\" class=\"uvc-heading ult-adjust-bottom-margin ultimate-heading-168669f33596c1916 uvc-9695\" data-hspacer=\"no_spacer\"  data-halign=\"center\" style=\"text-align:center\"><div class=\"uvc-heading-spacer no_spacer\" style=\"top\"><\/div><div class=\"uvc-main-heading ult-responsive\"  data-ultimate-target='.uvc-heading.ultimate-heading-168669f33596c1916 h2'  data-responsive-json-new='{\"font-size\":\"desktop:20px;\",\"line-height\":\"\"}' ><h2 style=\"--font-weight:theme;\">Vasile Bar<\/h2><\/div><div class=\"uvc-sub-heading ult-responsive\"  data-ultimate-target='.uvc-heading.ultimate-heading-168669f33596c1916 .uvc-sub-heading '  data-responsive-json-new='{\"font-size\":\"\",\"line-height\":\"\"}'  style=\"font-weight:normal;\"><\/p>\n<section class=\"avia-team-member avia-builder-el-9 el_before_av_hr avia-builder-el-first\">\n<div class=\"team-member-job-title av_opacity_variation\">President of the Chamber of Commerce and Industry Bistri\u021ba-N\u0103s\u0103ud<\/div>\n<\/section>\n<div class=\"hr hr-default avia-builder-el-10 el_after_av_team_member avia-builder-el-last\"><\/div>\n<p><\/div><\/div><div class=\"hr-thin style-line accent-border-color\" style=\"width: 10%;border-top-width: 1px;\"><\/div><\/div><\/div><\/div><div class=\"wpb_column vc_column_container vc_col-sm-4\"><div class=\"vc_column-inner\"><div class=\"wpb_wrapper\"><div id=\"ultimate-heading-379069f33596c1a8c\" class=\"uvc-heading ult-adjust-bottom-margin ultimate-heading-379069f33596c1a8c uvc-4129\" data-hspacer=\"no_spacer\"  data-halign=\"center\" style=\"text-align:center\"><div class=\"uvc-heading-spacer no_spacer\" style=\"top\"><\/div><div class=\"uvc-main-heading ult-responsive\"  data-ultimate-target='.uvc-heading.ultimate-heading-379069f33596c1a8c h2'  data-responsive-json-new='{\"font-size\":\"desktop:20px;\",\"line-height\":\"\"}' ><h2 style=\"--font-weight:theme;\">Alexandru Epingeac<\/h2><\/div><div class=\"uvc-sub-heading ult-responsive\"  data-ultimate-target='.uvc-heading.ultimate-heading-379069f33596c1a8c .uvc-sub-heading '  data-responsive-json-new='{\"font-size\":\"\",\"line-height\":\"\"}'  style=\"font-weight:normal;\"><\/p>\n<section class=\"avia-team-member avia-builder-el-9 el_before_av_hr avia-builder-el-first\">\n<div class=\"team-member-job-title av_opacity_variation\">President of Giurgiu Chamber of Commerce and Industry<\/div>\n<\/section>\n<div class=\"hr hr-default avia-builder-el-10 el_after_av_team_member avia-builder-el-last\"><\/div>\n<p><\/div><\/div><div class=\"hr-thin style-line accent-border-color\" style=\"width: 10%;border-top-width: 1px;\"><\/div><\/div><\/div><\/div><div class=\"wpb_column vc_column_container vc_col-sm-4\"><div class=\"vc_column-inner\"><div class=\"wpb_wrapper\"><div id=\"ultimate-heading-523569f33596c1c6a\" class=\"uvc-heading ult-adjust-bottom-margin ultimate-heading-523569f33596c1c6a uvc-1270\" data-hspacer=\"no_spacer\"  data-halign=\"center\" style=\"text-align:center\"><div class=\"uvc-heading-spacer no_spacer\" style=\"top\"><\/div><div class=\"uvc-main-heading ult-responsive\"  data-ultimate-target='.uvc-heading.ultimate-heading-523569f33596c1c6a h2'  data-responsive-json-new='{\"font-size\":\"desktop:20px;\",\"line-height\":\"\"}' ><h2 style=\"--font-weight:theme;\">Edler Andr\u00e1s Gy\u00f6rgy<\/h2><\/div><div class=\"uvc-sub-heading ult-responsive\"  data-ultimate-target='.uvc-heading.ultimate-heading-523569f33596c1c6a .uvc-sub-heading '  data-responsive-json-new='{\"font-size\":\"\",\"line-height\":\"\"}'  style=\"font-weight:normal;\"><\/p>\n<section class=\"avia-team-member avia-builder-el-9 el_before_av_hr avia-builder-el-first\">\n<div class=\"team-member-job-title av_opacity_variation\">President of the Chamber of Commerce and Industry Covasna<\/div>\n<\/section>\n<div class=\"hr hr-default avia-builder-el-10 el_after_av_team_member avia-builder-el-last\"><\/div>\n<p><\/div><\/div><div class=\"hr-thin style-line accent-border-color\" style=\"width: 10%;border-top-width: 1px;\"><\/div><\/div><\/div><\/div><\/div><div class=\"vc_row wpb_row vc_row-fluid vc_custom_1476012908960\"><div class=\"wpb_column vc_column_container vc_col-sm-4\"><div class=\"vc_column-inner\"><div class=\"wpb_wrapper\"><div id=\"ultimate-heading-613169f33596c1ff2\" class=\"uvc-heading ult-adjust-bottom-margin ultimate-heading-613169f33596c1ff2 uvc-38\" data-hspacer=\"no_spacer\"  data-halign=\"center\" style=\"text-align:center\"><div class=\"uvc-heading-spacer no_spacer\" style=\"top\"><\/div><div class=\"uvc-main-heading ult-responsive\"  data-ultimate-target='.uvc-heading.ultimate-heading-613169f33596c1ff2 h2'  data-responsive-json-new='{\"font-size\":\"desktop:20px;\",\"line-height\":\"\"}' ><h2 style=\"--font-weight:theme;\">Marin Niculcea<\/h2><\/div><div class=\"uvc-sub-heading ult-responsive\"  data-ultimate-target='.uvc-heading.ultimate-heading-613169f33596c1ff2 .uvc-sub-heading '  data-responsive-json-new='{\"font-size\":\"\",\"line-height\":\"\"}'  style=\"font-weight:normal;\"><\/p>\n<section class=\"avia-team-member avia-builder-el-9 el_before_av_hr avia-builder-el-first\">\n<div class=\"team-member-job-title av_opacity_variation\">President of the Teleorman Chamber of Commerce and Industry<\/div>\n<\/section>\n<div class=\"hr hr-default avia-builder-el-10 el_after_av_team_member avia-builder-el-last\"><\/div>\n<p><\/div><\/div><div class=\"hr-thin style-line accent-border-color\" style=\"width: 10%;border-top-width: 1px;\"><\/div><\/div><\/div><\/div><div class=\"wpb_column vc_column_container vc_col-sm-4\"><div class=\"vc_column-inner\"><div class=\"wpb_wrapper\"><div id=\"ultimate-heading-900569f33596c2161\" class=\"uvc-heading ult-adjust-bottom-margin ultimate-heading-900569f33596c2161 uvc-6729\" data-hspacer=\"no_spacer\"  data-halign=\"center\" style=\"text-align:center\"><div class=\"uvc-heading-spacer no_spacer\" style=\"top\"><\/div><div class=\"uvc-main-heading ult-responsive\"  data-ultimate-target='.uvc-heading.ultimate-heading-900569f33596c2161 h2'  data-responsive-json-new='{\"font-size\":\"desktop:20px;\",\"line-height\":\"\"}' ><h2 style=\"--font-weight:theme;\">George Caval<\/h2><\/div><div class=\"uvc-sub-heading ult-responsive\"  data-ultimate-target='.uvc-heading.ultimate-heading-900569f33596c2161 .uvc-sub-heading '  data-responsive-json-new='{\"font-size\":\"\",\"line-height\":\"\"}'  style=\"font-weight:normal;\"><\/p>\n<section class=\"avia-team-member avia-builder-el-9 el_before_av_hr avia-builder-el-first\">\n<div class=\"team-member-job-title av_opacity_variation\">\n<section class=\"avia-team-member avia-builder-el-25 el_before_av_hr avia-builder-el-first\">\n<div class=\"team-member-job-title av_opacity_variation\">President of the Arges Chamber of Commerce and Agriculture<\/div>\n<\/section>\n<div class=\"hr hr-default avia-builder-el-26 el_after_av_team_member avia-builder-el-last\"><\/div>\n<\/div>\n<\/section>\n<div class=\"hr hr-default avia-builder-el-10 el_after_av_team_member avia-builder-el-last\"><\/div>\n<p><\/div><\/div><div class=\"hr-thin style-line accent-border-color\" style=\"width: 10%;border-top-width: 1px;\"><\/div><\/div><\/div><\/div><div class=\"wpb_column vc_column_container vc_col-sm-4\"><div class=\"vc_column-inner\"><div class=\"wpb_wrapper\"><div id=\"ultimate-heading-739669f33596c22d3\" class=\"uvc-heading ult-adjust-bottom-margin ultimate-heading-739669f33596c22d3 uvc-5880\" data-hspacer=\"no_spacer\"  data-halign=\"center\" style=\"text-align:center\"><div class=\"uvc-heading-spacer no_spacer\" style=\"top\"><\/div><div class=\"uvc-main-heading ult-responsive\"  data-ultimate-target='.uvc-heading.ultimate-heading-739669f33596c22d3 h2'  data-responsive-json-new='{\"font-size\":\"desktop:20px;\",\"line-height\":\"\"}' ><h2 style=\"--font-weight:theme;\">Viorel Arion<\/h2><\/div><div class=\"uvc-sub-heading ult-responsive\"  data-ultimate-target='.uvc-heading.ultimate-heading-739669f33596c22d3 .uvc-sub-heading '  data-responsive-json-new='{\"font-size\":\"\",\"line-height\":\"\"}'  style=\"font-weight:normal;\"><\/p>\n<section class=\"avia-team-member avia-builder-el-9 el_before_av_hr avia-builder-el-first\">\n<div class=\"team-member-job-title av_opacity_variation\">President of the Hunedoara Chamber of Commerce and Industry<\/div>\n<\/section>\n<div class=\"hr hr-default avia-builder-el-10 el_after_av_team_member avia-builder-el-last\"><\/div>\n<p><\/div><\/div><div class=\"hr-thin style-line accent-border-color\" style=\"width: 10%;border-top-width: 1px;\"><\/div><\/div><\/div><\/div><\/div><div class=\"vc_row wpb_row vc_row-fluid vc_custom_1476012908960\"><div class=\"wpb_column vc_column_container vc_col-sm-12 vc_col-lg-6 vc_col-md-6 vc_col-xs-12\"><div class=\"vc_column-inner vc_custom_1476013037503\"><div class=\"wpb_wrapper\"><div class=\"vc_empty_space\"   style=\"height: 32px\"><span class=\"vc_empty_space_inner\"><\/span><\/div><\/div><\/div><\/div><\/div><div class=\"vc_row wpb_row vc_row-fluid vc_custom_1476008791393\"><div class=\"wpb_column vc_column_container vc_col-sm-12 vc_col-lg-6 vc_col-md-6 vc_col-xs-12\"><div class=\"vc_column-inner vc_custom_1476005293248\"><div class=\"wpb_wrapper\"><div class=\"dt-fancy-separator title-left h3-size style-disabled accent-title-color\" style=\"width: 100%;\"><div class=\"dt-fancy-title\"><span class=\"separator-holder separator-left\"><\/span>EXECUTIVE MANAGEMENT<span class=\"separator-holder separator-right\"><\/span><\/div><\/div><\/div><\/div><\/div><\/div><div class=\"vc_row wpb_row vc_row-fluid vc_custom_1476012908960\"><div class=\"wpb_column vc_column_container vc_col-sm-4\"><div class=\"vc_column-inner\"><div class=\"wpb_wrapper\"><\/div><\/div><\/div><div class=\"wpb_column vc_column_container vc_col-sm-4\"><div class=\"vc_column-inner\"><div class=\"wpb_wrapper\"><div id=\"ultimate-heading-150169f33596c2d0c\" class=\"uvc-heading ult-adjust-bottom-margin ultimate-heading-150169f33596c2d0c uvc-3545\" data-hspacer=\"no_spacer\"  data-halign=\"center\" style=\"text-align:center\"><div class=\"uvc-heading-spacer no_spacer\" style=\"top\"><\/div><div class=\"uvc-main-heading ult-responsive\"  data-ultimate-target='.uvc-heading.ultimate-heading-150169f33596c2d0c h2'  data-responsive-json-new='{\"font-size\":\"desktop:20px;\",\"line-height\":\"\"}' ><h2 style=\"--font-weight:theme;\">MIHAI CO\u0218TRI\u0218<\/h2><\/div><div class=\"uvc-sub-heading ult-responsive\"  data-ultimate-target='.uvc-heading.ultimate-heading-150169f33596c2d0c .uvc-sub-heading '  data-responsive-json-new='{\"font-size\":\"\",\"line-height\":\"\"}'  style=\"font-weight:normal;\">Executive Director<\/p>\n<p><a href=\"mailto:romexpo@romexpo.ro\">romexpo@romexpo.ro<\/a><\/div><\/div><div class=\"hr-thin style-line accent-border-color\" style=\"width: 10%;border-top-width: 1px;\"><\/div><\/div><\/div><\/div><div class=\"wpb_column vc_column_container vc_col-sm-4\"><div class=\"vc_column-inner\"><div class=\"wpb_wrapper\"><\/div><\/div><\/div><\/div><div class=\"vc_row wpb_row vc_row-fluid vc_custom_1476012908960\"><div class=\"wpb_column vc_column_container vc_col-sm-4\"><div class=\"vc_column-inner\"><div class=\"wpb_wrapper\"><div id=\"ultimate-heading-575469f33596c30d5\" class=\"uvc-heading ult-adjust-bottom-margin ultimate-heading-575469f33596c30d5 uvc-3688\" data-hspacer=\"no_spacer\"  data-halign=\"center\" style=\"text-align:center\"><div class=\"uvc-heading-spacer no_spacer\" style=\"top\"><\/div><div class=\"uvc-main-heading ult-responsive\"  data-ultimate-target='.uvc-heading.ultimate-heading-575469f33596c30d5 h2'  data-responsive-json-new='{\"font-size\":\"desktop:20px;\",\"line-height\":\"\"}' ><h2 style=\"--font-weight:theme;\">Oana Netbai<\/h2><\/div><div class=\"uvc-sub-heading ult-responsive\"  data-ultimate-target='.uvc-heading.ultimate-heading-575469f33596c30d5 .uvc-sub-heading '  data-responsive-json-new='{\"font-size\":\"\",\"line-height\":\"\"}'  style=\"font-weight:normal;\">Commercial Director<\/p>\n<p><a href=\"mailto:directia.comerciala@romexpo.ro\">directia.comerciala@romexpo.ro<\/a><\/div><\/div><div class=\"hr-thin style-line accent-border-color\" style=\"width: 10%;border-top-width: 1px;\"><\/div><\/div><\/div><\/div><div class=\"wpb_column vc_column_container vc_col-sm-4\"><div class=\"vc_column-inner\"><div class=\"wpb_wrapper\"><div id=\"ultimate-heading-859569f33596c323c\" class=\"uvc-heading ult-adjust-bottom-margin ultimate-heading-859569f33596c323c uvc-1536\" data-hspacer=\"no_spacer\"  data-halign=\"center\" style=\"text-align:center\"><div class=\"uvc-heading-spacer no_spacer\" style=\"top\"><\/div><div class=\"uvc-main-heading ult-responsive\"  data-ultimate-target='.uvc-heading.ultimate-heading-859569f33596c323c h2'  data-responsive-json-new='{\"font-size\":\"desktop:20px;\",\"line-height\":\"\"}' ><h2 style=\"--font-weight:theme;\">Delia Botan<\/h2><\/div><div class=\"uvc-sub-heading ult-responsive\"  data-ultimate-target='.uvc-heading.ultimate-heading-859569f33596c323c .uvc-sub-heading '  data-responsive-json-new='{\"font-size\":\"\",\"line-height\":\"\"}'  style=\"font-weight:normal;\">Marketing Director<\/p>\n<p><a href=\"mailto:delia.botan@romexpo.ro\">delia.botan@romexpo.ro<\/a><\/div><\/div><div class=\"hr-thin style-line accent-border-color\" style=\"width: 10%;border-top-width: 1px;\"><\/div><\/div><\/div><\/div><div class=\"wpb_column vc_column_container vc_col-sm-4\"><div class=\"vc_column-inner\"><div class=\"wpb_wrapper\"><div id=\"ultimate-heading-721269f33596c33d6\" class=\"uvc-heading ult-adjust-bottom-margin ultimate-heading-721269f33596c33d6 uvc-2240\" data-hspacer=\"no_spacer\"  data-halign=\"center\" style=\"text-align:center\"><div class=\"uvc-heading-spacer no_spacer\" style=\"top\"><\/div><div class=\"uvc-main-heading ult-responsive\"  data-ultimate-target='.uvc-heading.ultimate-heading-721269f33596c33d6 h2'  data-responsive-json-new='{\"font-size\":\"desktop:20px;\",\"line-height\":\"\"}' ><h2 style=\"--font-weight:theme;\">George \u021aibulc\u0103<\/h2><\/div><div class=\"uvc-sub-heading ult-responsive\"  data-ultimate-target='.uvc-heading.ultimate-heading-721269f33596c33d6 .uvc-sub-heading '  data-responsive-json-new='{\"font-size\":\"\",\"line-height\":\"\"}'  style=\"font-weight:normal;\">Technical - Administrative Director<\/p>\n<p><a href=\"mailto:george.tibulca@romexpo.ro\">george.tibulca@romexpo.ro<\/a><\/div><\/div><div class=\"hr-thin style-line accent-border-color\" style=\"width: 10%;border-top-width: 1px;\"><\/div><\/div><\/div><\/div><\/div><div class=\"vc_row wpb_row vc_row-fluid vc_custom_1476012908960\"><div class=\"wpb_column vc_column_container vc_col-sm-3\"><div class=\"vc_column-inner\"><div class=\"wpb_wrapper\"><div id=\"ultimate-heading-987669f33596c36e0\" class=\"uvc-heading ult-adjust-bottom-margin ultimate-heading-987669f33596c36e0 uvc-5750\" data-hspacer=\"no_spacer\"  data-halign=\"center\" style=\"text-align:center\"><div class=\"uvc-heading-spacer no_spacer\" style=\"top\"><\/div><div class=\"uvc-main-heading ult-responsive\"  data-ultimate-target='.uvc-heading.ultimate-heading-987669f33596c36e0 h2'  data-responsive-json-new='{\"font-size\":\"desktop:20px;\",\"line-height\":\"\"}' ><h2 style=\"--font-weight:theme;\">Irina Ardeleanu<\/h2><\/div><div class=\"uvc-sub-heading ult-responsive\"  data-ultimate-target='.uvc-heading.ultimate-heading-987669f33596c36e0 .uvc-sub-heading '  data-responsive-json-new='{\"font-size\":\"desktop:15px;\",\"line-height\":\"\"}'  style=\"font-weight:normal;\">Head of Fair and Exhibition Organization Office<\/p>\n<p><a href=\"mailto:irina.ardeleanu@romexpo.ro\">irina.ardeleanu@romexpo.ro<\/a><\/div><\/div><div class=\"hr-thin style-line accent-border-color\" style=\"width: 10%;border-top-width: 1px;\"><\/div><\/div><\/div><\/div><div class=\"wpb_column vc_column_container vc_col-sm-3\"><div class=\"vc_column-inner\"><div class=\"wpb_wrapper\"><div id=\"ultimate-heading-494369f33596c383f\" class=\"uvc-heading ult-adjust-bottom-margin ultimate-heading-494369f33596c383f uvc-6575\" data-hspacer=\"no_spacer\"  data-halign=\"center\" style=\"text-align:center\"><div class=\"uvc-heading-spacer no_spacer\" style=\"top\"><\/div><div class=\"uvc-main-heading ult-responsive\"  data-ultimate-target='.uvc-heading.ultimate-heading-494369f33596c383f h2'  data-responsive-json-new='{\"font-size\":\"desktop:20px;\",\"line-height\":\"\"}' ><h2 style=\"--font-weight:theme;\">Rodica Arsene<\/h2><\/div><div class=\"uvc-sub-heading ult-responsive\"  data-ultimate-target='.uvc-heading.ultimate-heading-494369f33596c383f .uvc-sub-heading '  data-responsive-json-new='{\"font-size\":\"desktop:15px;\",\"line-height\":\"\"}'  style=\"font-weight:normal;\">Head of Third Party Fairs Organization Office<\/p>\n<p><a href=\"mailto:rodica.arsene@romexpo.ro\">rodica.arsene@romexpo.ro<\/a><\/div><\/div><div class=\"hr-thin style-line accent-border-color\" style=\"width: 10%;border-top-width: 1px;\"><\/div><\/div><\/div><\/div><div class=\"wpb_column vc_column_container vc_col-sm-3\"><div class=\"vc_column-inner\"><div class=\"wpb_wrapper\"><div id=\"ultimate-heading-639669f33596c3982\" class=\"uvc-heading ult-adjust-bottom-margin ultimate-heading-639669f33596c3982 uvc-2956\" data-hspacer=\"no_spacer\"  data-halign=\"center\" style=\"text-align:center\"><div class=\"uvc-heading-spacer no_spacer\" style=\"top\"><\/div><div class=\"uvc-main-heading ult-responsive\"  data-ultimate-target='.uvc-heading.ultimate-heading-639669f33596c3982 h2'  data-responsive-json-new='{\"font-size\":\"desktop:20px;\",\"line-height\":\"\"}' ><h2 style=\"--font-weight:theme;\">Ioana Popescu<\/h2><\/div><div class=\"uvc-sub-heading ult-responsive\"  data-ultimate-target='.uvc-heading.ultimate-heading-639669f33596c3982 .uvc-sub-heading '  data-responsive-json-new='{\"font-size\":\"desktop:15px;\",\"line-height\":\"\"}'  style=\"font-weight:normal;\">Head of Events Organization Office<\/p>\n<p><a href=\"mailto:ioana.popescu@romexpo.ro\">ioana.popescu@romexpo.ro<\/a><\/div><\/div><div class=\"hr-thin style-line accent-border-color\" style=\"width: 10%;border-top-width: 1px;\"><\/div><\/div><\/div><\/div><div class=\"wpb_column vc_column_container vc_col-sm-3\"><div class=\"vc_column-inner\"><div class=\"wpb_wrapper\"><div id=\"ultimate-heading-153469f33596c3ae5\" class=\"uvc-heading ult-adjust-bottom-margin ultimate-heading-153469f33596c3ae5 uvc-1089\" data-hspacer=\"no_spacer\"  data-halign=\"center\" style=\"text-align:center\"><div class=\"uvc-heading-spacer no_spacer\" style=\"top\"><\/div><div class=\"uvc-main-heading ult-responsive\"  data-ultimate-target='.uvc-heading.ultimate-heading-153469f33596c3ae5 h2'  data-responsive-json-new='{\"font-size\":\"desktop:20px;\",\"line-height\":\"\"}' ><h2 style=\"--font-weight:theme;\">Janina Lupu<\/h2><\/div><div class=\"uvc-sub-heading ult-responsive\"  data-ultimate-target='.uvc-heading.ultimate-heading-153469f33596c3ae5 .uvc-sub-heading '  data-responsive-json-new='{\"font-size\":\"desktop:15px;\",\"line-height\":\"\"}'  style=\"font-weight:normal;\">Head of Marketing Office<\/p>\n<p><a href=\"mailto:janina.lupu@romexpo.ro\">janina.lupu@romexpo.ro<\/a><\/div><\/div><div class=\"hr-thin style-line accent-border-color\" style=\"width: 10%;border-top-width: 1px;\"><\/div><\/div><\/div><\/div><\/div><div class=\"vc_row wpb_row vc_row-fluid\"><div class=\"wpb_column vc_column_container vc_col-sm-12\"><div class=\"vc_column-inner\"><div class=\"wpb_wrapper\">\n\t<div class=\"wpb_text_column wpb_content_element\" >\n\t\t<div class=\"wpb_wrapper\">\n\t\t\t\n\t\t<\/div>\n\t<\/div>\n<div class=\"vc_empty_space\"   style=\"height: 32px\"><span class=\"vc_empty_space_inner\"><\/span><\/div><\/div><\/div><\/div><\/div><div class=\"vc_row wpb_row vc_row-fluid\"><div class=\"wpb_column vc_column_container vc_col-sm-12\"><div class=\"vc_column-inner\"><div class=\"wpb_wrapper\">\n\t<div class=\"wpb_text_column wpb_content_element\" >\n\t\t<div class=\"wpb_wrapper\">\n\t\t\t\n\t\t<\/div>\n\t<\/div>\n<div class=\"hr-thin style-line accent-border-color\" style=\"width: 10%;border-top-width: 1px;\"><\/div><\/div><\/div><\/div><\/div>\n<\/div>","protected":false},"excerpt":{"rendered":"<p>THE BOARD OF DIRECTORSIONEL GAGU - President General Director President of the Chamber of Commerce, Industry and Agriculture Buz\u0103u Vasile Bar President of the Chamber of Commerce and Industry Bistri\u021ba-N\u0103s\u0103ud Alexandru Epingeac President of the Chamber of Commerce and Industry Giurgiu Edler Andr\u00e1s Gy\u00f6rgy President of the Chamber of Commerce and Industry Covasna Marin Niculcea President of the Chamber of Commerce and Industry...<\/p>","protected":false},"author":1,"featured_media":1840,"parent":1113,"menu_order":0,"comment_status":"closed","ping_status":"closed","template":"","meta":{"om_disable_all_campaigns":false,"_monsterinsights_skip_tracking":false,"_monsterinsights_sitenote_active":false,"_monsterinsights_sitenote_note":"","_monsterinsights_sitenote_category":0,"footnotes":""},"class_list":["post-2554","page","type-page","status-publish","has-post-thumbnail","hentry","description-off"],"aioseo_notices":[],"jetpack_sharing_enabled":true,"_links":{"self":[{"href":"https:\/\/romexpo.ro\/en\/wp-json\/wp\/v2\/pages\/2554","targetHints":{"allow":["GET"]}}],"collection":[{"href":"https:\/\/romexpo.ro\/en\/wp-json\/wp\/v2\/pages"}],"about":[{"href":"https:\/\/romexpo.ro\/en\/wp-json\/wp\/v2\/types\/page"}],"author":[{"embeddable":true,"href":"https:\/\/romexpo.ro\/en\/wp-json\/wp\/v2\/users\/1"}],"replies":[{"embeddable":true,"href":"https:\/\/romexpo.ro\/en\/wp-json\/wp\/v2\/comments?post=2554"}],"version-history":[{"count":57,"href":"https:\/\/romexpo.ro\/en\/wp-json\/wp\/v2\/pages\/2554\/revisions"}],"predecessor-version":[{"id":4939,"href":"https:\/\/romexpo.ro\/en\/wp-json\/wp\/v2\/pages\/2554\/revisions\/4939"}],"up":[{"embeddable":true,"href":"https:\/\/romexpo.ro\/en\/wp-json\/wp\/v2\/pages\/1113"}],"wp:featuredmedia":[{"embeddable":true,"href":"https:\/\/romexpo.ro\/en\/wp-json\/wp\/v2\/media\/1840"}],"wp:attachment":[{"href":"https:\/\/romexpo.ro\/en\/wp-json\/wp\/v2\/media?parent=2554"}],"curies":[{"name":"wp","href":"https:\/\/api.w.org\/{rel}","templated":true}]}}